{"id":616,"date":"2020-07-30T21:45:46","date_gmt":"2020-07-30T19:45:46","guid":{"rendered":"https:\/\/www.porsche-verkaufen.ch\/?page_id=616"},"modified":"2020-07-31T01:29:55","modified_gmt":"2020-07-30T23:29:55","slug":"autoankauf","status":"publish","type":"page","link":"https:\/\/www.porsche-verkaufen.ch\/en\/autoankauf\/","title":{"rendered":"Porsche Autoankauf"},"content":{"rendered":"<div data-elementor-type=\"wp-page\" data-elementor-id=\"616\" class=\"elementor elementor-616\" data-elementor-settings=\"[]\">\n\t\t\t\t\t\t<div class=\"elementor-inner\">\n\t\t\t\t\t\t\t<div class=\"elementor-section-wrap\">\n\t\t\t\t\t\t\t<section class=\"elementor-section elementor-top-section elementor-element elementor-element-b812870 elementor-section-boxed elementor-section-height-default elementor-section-height-default\" data-id=\"b812870\" data-element_type=\"section\">\n\t\t\t\t\t\t<div class=\"elementor-container elementor-column-gap-default\">\n\t\t\t\t\t\t\t<div class=\"elementor-row\">\n\t\t\t\t\t<div class=\"elementor-column elementor-col-100 elementor-top-column elementor-element elementor-element-571c3de\" data-id=\"571c3de\" data-element_type=\"column\">\n\t\t\t<div class=\"elementor-column-wrap elementor-element-populated\">\n\t\t\t\t\t\t\t<div class=\"elementor-widget-wrap\">\n\t\t\t\t\t\t<div class=\"elementor-element elementor-element-ba24d56 elementor-widget elementor-widget-text-editor\" data-id=\"ba24d56\" data-element_type=\"widget\" data-widget_type=\"text-editor.default\">\n\t\t\t\t<div class=\"elementor-widget-container\">\n\t\t\t\t\t<div class=\"elementor-text-editor elementor-clearfix\"><h2>Sie m\u00f6chten Ihren Porsche verkaufen?<\/h2><h4>Wir machen Ihnen gern ein attraktives Angebot.<\/h4><p>Wir sind von der Qualit\u00e4t eines Porsche \u00fcberzeugt. Deshalb bieten wir Ihnen an, Ihren privaten Sportwagen f\u00fcr einen attraktiven Preis anzukaufen.<br \/><br \/><\/p><\/div>\n\t\t\t\t<\/div>\n\t\t\t\t<\/div>\n\t\t\t\t\t\t<\/div>\n\t\t\t\t\t<\/div>\n\t\t<\/div>\n\t\t\t\t\t\t\t\t<\/div>\n\t\t\t\t\t<\/div>\n\t\t<\/section>\n\t\t\t\t<section class=\"elementor-section elementor-top-section elementor-element elementor-element-2c4d9e6 elementor-section-boxed elementor-section-height-default elementor-section-height-default\" data-id=\"2c4d9e6\" data-element_type=\"section\">\n\t\t\t\t\t\t<div class=\"elementor-container elementor-column-gap-default\">\n\t\t\t\t\t\t\t<div class=\"elementor-row\">\n\t\t\t\t\t<div class=\"elementor-column elementor-col-100 elementor-top-column elementor-element elementor-element-25d6b49\" data-id=\"25d6b49\" data-element_type=\"column\">\n\t\t\t<div class=\"elementor-column-wrap elementor-element-populated\">\n\t\t\t\t\t\t\t<div class=\"elementor-widget-wrap\">\n\t\t\t\t\t\t<div class=\"elementor-element elementor-element-2c44dad elementor-widget elementor-widget-shortcode\" data-id=\"2c44dad\" data-element_type=\"widget\" data-widget_type=\"shortcode.default\">\n\t\t\t\t<div class=\"elementor-widget-container\">\n\t\t\t\t\t<div class=\"elementor-shortcode\"><style type=\"text\/css\">#nex-forms{display:none;}<\/style>\r\n\t\t\r\n\t\t<style type=\"text\/css\">\r\n\t\t\r\n\t\t\t#nex-forms.autoankauf_porsche_design .nf-loader-lds-spinner div:after {background: #40C4FF; }\r\n\t\t\t#nex-forms.autoankauf_porsche_design .nf-loader-lds-grid div {background: #40C4FF; }\r\n\t\t\t#nex-forms.autoankauf_porsche_design .nf-loader-lds-ellipsis div { background: #40C4FF;}\r\n\t\t\t#nex-forms.autoankauf_porsche_design .nf-loader-lds-default div {background: #40C4FF;}\r\n\t\t\t#nex-forms.autoankauf_porsche_design .nf-loader-lds-roller div:after {background: #40C4FF;}\r\n\t\t\t#nex-forms.autoankauf_porsche_design .nf-loader-lds-heart div,\r\n\t\t\t#nex-forms.autoankauf_porsche_design .nf-loader-lds-heart div:after,\r\n\t\t\t#nex-forms.autoankauf_porsche_design .nf-loader-lds-heart div:before {background: #40C4FF;}\r\n\r\n\t\t\t\r\n\t\t\t#nex-forms.autoankauf_porsche_design .nf-loader-lds-facebook div {background: #40C4FF;}\r\n\t\t\t#nex-forms.autoankauf_porsche_design .nf-loader-lds-circle > div {background: #40C4FF;}\r\n\t\t\t\r\n\t\t\t#nex-forms.autoankauf_porsche_design .nf-loader-lds-dual-ring:after {border: 6px solid #40C4FF;border-color: #40C4FF transparent #40C4FF transparent;}\r\n\t\t\t#nex-forms.autoankauf_porsche_design .nf-loader-lds-ring div {border: 8px solid #40C4FF;border-color: #40C4FF transparent transparent transparent;}\r\n\t\t\t#nex-forms.autoankauf_porsche_design .nf-loader-lds-hourglass:after {border: 32px solid #40C4FF;border-color: #40C4FF transparent #40C4FF transparent;}\r\n\t\t\t#nex-forms.autoankauf_porsche_design .nf-loader-lds-ripple div {border: 4px solid #40C4FF;}\r\n\t\t<\/style>\r\n\t\t\r\n\t\t\r\n\t\t<div id=\"nex-forms\" data-loader=\"ellipsis\"data-msg-hide-form=\"yes\" data-msg-position=\"top\" data-msg-placement=\"outside\"  class=\"nex-forms autoankauf_porsche_design  \"><div class=\"pre_fill_fields\"><\/div><div class=\"set_form_theme theme-default\"><div class=\"nex_success_message oldv animated\" style=\"display:none;\"><div class=\"success_header\" ><div class=\"success_icon animated\" style=\"display:none;\"><span class=\"fa fa-check\"><\/span><\/div><\/div><div class=\"msg_box\"><div class=\"msg_text\" style=\"display:none;\"><p>Thank you for contacting with us. We will respond to you shortly.","protected":false},"excerpt":{"rendered":"<p>Sie m\u00f6chten Ihren Porsche verkaufen? Wir machen Ihnen gern ein attraktives Angebot. Wir sind von der Qualit\u00e4t eines Porsche \u00fcberzeugt. Deshalb bieten wir Ihnen an,&hellip;<\/p>\n","protected":false},"author":1,"featured_media":0,"parent":0,"menu_order":0,"comment_status":"closed","ping_status":"closed","template":"","meta":[],"_links":{"self":[{"href":"https:\/\/www.porsche-verkaufen.ch\/en\/wp-json\/wp\/v2\/pages\/616"}],"collection":[{"href":"https:\/\/www.porsche-verkaufen.ch\/en\/wp-json\/wp\/v2\/pages"}],"about":[{"href":"https:\/\/www.porsche-verkaufen.ch\/en\/wp-json\/wp\/v2\/types\/page"}],"author":[{"embeddable":true,"href":"https:\/\/www.porsche-verkaufen.ch\/en\/wp-json\/wp\/v2\/users\/1"}],"replies":[{"embeddable":true,"href":"https:\/\/www.porsche-verkaufen.ch\/en\/wp-json\/wp\/v2\/comments?post=616"}],"version-history":[{"count":23,"href":"https:\/\/www.porsche-verkaufen.ch\/en\/wp-json\/wp\/v2\/pages\/616\/revisions"}],"predecessor-version":[{"id":672,"href":"https:\/\/www.porsche-verkaufen.ch\/en\/wp-json\/wp\/v2\/pages\/616\/revisions\/672"}],"wp:attachment":[{"href":"https:\/\/www.porsche-verkaufen.ch\/en\/wp-json\/wp\/v2\/media?parent=616"}],"curies":[{"name":"wp","href":"https:\/\/api.w.org\/{rel}","templated":true}]}}